{"id":293,"date":"2016-11-11T21:23:09","date_gmt":"2016-11-11T20:23:09","guid":{"rendered":"http:\/\/guyotvillois.com\/blog\/?page_id=293"},"modified":"2018-12-06T11:33:53","modified_gmt":"2018-12-06T10:33:53","slug":"presse","status":"publish","type":"page","link":"http:\/\/guyotvillois.com\/blog\/documentation\/presse\/","title":{"rendered":"Presse et Vid\u00e9os"},"content":{"rendered":"<p><span style=\"color: #3366ff;\"><strong>Presse fran\u00e7aise et alg\u00e9rienne<\/strong><\/span><br \/>\n&#8211; El Watan (2012): <a href=\"http:\/\/www.djazairess.com\/fr\/elwatan\/368889\" target=\"_blank\" rel=\"noopener\">R\u00e9gha\u00efa: le cimeti\u00e8re chr\u00e9tien livr\u00e9 au vandalisme<\/a><br \/>\n&#8211; Kountrass News (Juillet 2016): <a href=\"http:\/\/www.kountrass.com\/cimetieres-algeriens-point\/\" target=\"_blank\" rel=\"noopener\">P\u00e9tition contre le regroupement des cimeti\u00e8res juifs<\/a><br \/>\n&#8211; Kountrass News (10\/10\/2016): <a href=\"http:\/\/www.kountrass.com\/cimetieres-algeriens-dernier-acte\/\" target=\"_blank\" rel=\"noopener\">Cimeti\u00e8res juifs &#8211; le combat est gagn\u00e9!<\/a><br \/>\n&#8211; La Provence (2016): <a href=\"http:\/\/jeanyvesthorrignac.fr\/wa_files\/Cimetiere.pdf\" target=\"_blank\" rel=\"noopener\">Alg\u00e9rie: grandes manoeuvres dans les cimeti\u00e8res chr\u00e9tiens<\/a><br \/>\n&#8211; SlateAfrique (2011): <a href=\"http:\/\/www.slateafrique.com\/40823\/algerie-les-chinois-ne-reposent-pas-en-paix-cimetieres\" target=\"_blank\" rel=\"noopener\">En Alg\u00e9rie, les chinois ne reposent pas en paix<\/a><br \/>\n&#8211; Ouest Tribune(2014): <a href=\"http:\/\/www.ouestribune-dz.com\/fr\/cazeneuve-sur-les-traces-de-ses-ancetres\/\" target=\"_blank\" rel=\"noopener\">Bernard Cazeneuve &#8230;sur la trace de ses anc\u00eatres<\/a><br \/>\n&#8211; Dreuz Info (2016): <a href=\"https:\/\/www.dreuz.info\/2016\/07\/30\/bernard-cazeneuve-et-la-gauche-pro-oas-dalgerie-francaise\/\" target=\"_blank\" rel=\"noopener\">Bernard Cazeneuve au cimeti\u00e8re chr\u00e9tien d\u2019El Hamri, \u00e0 Oran<\/a><br \/>\n&#8211; Libert\u00e9 Alg\u00e9rie (2015): <a href=\"http:\/\/www.liberte-algerie.com\/dossier\/ces-etrangers-qui-ont-fait-de-lalgerie-leur-derniere-demeure-224566\" target=\"_blank\" rel=\"noopener\">Ces \u00e9trangers qui ont fait de l&rsquo;Alg\u00e9rie leur derni\u00e8re demeure<\/a><br \/>\n&#8211; Blog Youssef Benzatat(Mediapart Juil.2015): <a href=\"https:\/\/blogs.mediapart.fr\/youssef-benzatat\/blog\/310715\/le-cimetiere-chretien-extrait-de-mon-premier-roman-le-deshonneur-du-general\" target=\"_blank\" rel=\"noopener\">Le cimeti\u00e8re chr\u00e9tien (Ain Benian)<\/a><br \/>\n&#8211; La D\u00e9p\u00eache (2014): <a href=\"http:\/\/www.ladepeche.fr\/article\/2014\/10\/28\/1980321-elle-vole-au-chevet-des-batiments-en-danger.html\" target=\"_blank\" rel=\"noopener\">Elle vole au chevet du patrimoine en danger<\/a><br \/>\n&#8211; Midi Libre (2013): <a href=\"http:\/\/www.midilibre.fr\/2013\/10\/27\/en-algerie-les-sepultures-civiles-francaises-regroupees,775386.php\" target=\"_blank\" rel=\"noopener\">les s\u00e9pultures fran\u00e7aises regroup\u00e9es<\/a><br \/>\n&#8211; Libert\u00e9-Alg\u00e9rie (Nov.2008): <a href=\"http:\/\/www.liberte-algerie.com\/lalgerie-profonde\/quand-une-cloture-digne-des-morts-58013\" target=\"_blank\" rel=\"noopener\">A quand une cl\u00f4ture digne des morts.. \u00e0 Guyotville ?<\/a><br \/>\n&#8211; Liberation (2007): <a href=\"http:\/\/www.liberation.fr\/planete\/2007\/11\/12\/en-algerie-des-milliers-de-sepultures-juives-deperissent_105956\" target=\"_blank\" rel=\"noopener\">Des milliers de s\u00e9pultures juives d\u00e9p\u00e9rissent<\/a><br \/>\n&#8211; Assembl\u00e9e Nationale le 5 Mai 2009: <a href=\"http:\/\/discours.vie-publique.fr\/notices\/093001333.html\" target=\"_blank\" rel=\"noopener\">d\u00e9claration de Mme Rama Yade sur la r\u00e9habilitation des cimeti\u00e8res<\/a><br \/>\n&#8211; Alger le 3 Mars 2003: <a href=\"http:\/\/discours.vie-publique.fr\/notices\/037000087.html\" target=\"_blank\" rel=\"noopener\">Conf\u00e9rence de presse du Pr\u00e9sident Jacques Chirac<\/a><br \/>\n&#8211; JForum.fr (Sept.2016) Portail juif francophone : <a href=\"http:\/\/jforum.fr\/mise-en-garde-du-rav-steinemann-a-m-mergui.html\" target=\"_blank\" rel=\"noopener\">Un scandale international<\/a><br \/>\n&#8211; El Watan (Sept 2017): <a href=\"http:\/\/www.elwatan.com\/-00-00-0000-353067_222.php\" rel=\"noopener\" target=\"_blank\">Entretien cimeti\u00e8re Ain Temouchent<\/a><\/p>\n<p><span style=\"color: #3366ff;\"><strong>Vid\u00e9os des cimeti\u00e8res<\/strong><\/span><br \/>\n&#8211; <a href=\"https:\/\/www.youtube.com\/watch?v=k0NCFrevXUc\" target=\"_blank\" rel=\"noopener\">Cimeti\u00e8re de Guyotville-2011<\/a> (youtube)<br \/>\n&#8211; <a href=\"https:\/\/www.youtube.com\/watch?v=VaGDYBw1syw\" target=\"_blank\" rel=\"noopener\">Cimeti\u00e8re de Guyotville-2015<\/a> (youtube)<br \/>\n(film\u00e9 par des alg\u00e9riens cherchant la tombe du po\u00ebte Jean Senac, inhum\u00e9 \u00e0 Guyotville)<br \/>\n&#8211; <a href=\"https:\/\/www.youtube.com\/watch?v=v6dvcjmD8iY\" target=\"_blank\" rel=\"noopener\">Cimeti\u00e8res d&rsquo;Alg\u00e9rie-2009 <\/a>(youtube)<br \/>\n&#8211; <a href=\"http:\/\/Cimeti\u00e8re Chr\u00e9tien TAMAZOUHET \u00e0 Oran\" target=\"_blank\" rel=\"noopener\">Cimeti\u00e8re TAMAZOUHET \u00e0 Oran-2014<\/a> (youtube)<br \/>\n&#8211; <a href=\"https:\/\/www.youtube.com\/watch?v=Sja_NDDurRM\" target=\"_blank\" rel=\"noopener\">Cimeti\u00e8re d&rsquo;Alger-reportage France 2- 2004<\/a> (youtube)<br \/>\n&#8211; <a href=\"https:\/\/www.youtube.com\/watch?v=ctd-PI7JvTU\" target=\"_blank\" rel=\"noopener\">Nettoyage du cimeti\u00e8re des 3 marabouts-2015<\/a> (youtube)<br \/>\n&#8211; <a href=\"http:\/\/www.dailymotion.com\/video\/x39uxl_profanation-ou-vandalisme_news\" target=\"_blank\" rel=\"noopener\">Cimeti\u00e8re de Jijel-1997-ann\u00e9es noires en Alg\u00e9ri<\/a>e (dailymotion)<br \/>\n&#8211; <a href=\"http:\/\/www.dailymotion.com\/video\/xiyj8t_cimetiere-chretien-el-kala_travel\" target=\"_blank\" rel=\"noopener\">Cimeti\u00e8re de La Calle-20004 avant r\u00e9novation<\/a> (dailymotion) et r\u00e9nov\u00e9 depuis enti\u00e8rement par nos amis<br \/>\n&#8211; <a href=\"https:\/\/observers.france24.com\/fr\/20180824-video-cimetiere-ossement-algerie-degradation\" rel=\"noopener\" target=\"_blank\">Cimeti\u00e8re de Blida-2018<\/a><\/p>\n","protected":false},"excerpt":{"rendered":"<p>Presse fran\u00e7aise et alg\u00e9rienne &#8211; El Watan (2012): R\u00e9gha\u00efa: le cimeti\u00e8re chr\u00e9tien livr\u00e9 au vandalisme &#8211; Kountrass News (Juillet 2016): P\u00e9tition contre le regroupement des cimeti\u00e8res juifs &#8211; Kountrass News (10\/10\/2016): Cimeti\u00e8res juifs &#8211; le combat est gagn\u00e9! &#8211; La Provence (2016): Alg\u00e9rie: grandes manoeuvres dans les cimeti\u00e8res chr\u00e9tiens &#8211; SlateAfrique (2011): En Alg\u00e9rie, les &#8230; <a title=\"Presse et Vid\u00e9os\" class=\"read-more\" href=\"http:\/\/guyotvillois.com\/blog\/documentation\/presse\/\" aria-label=\"En savoir plus sur Presse et Vid\u00e9os\">Lire la suite<\/a><\/p>\n","protected":false},"author":4,"featured_media":0,"parent":233,"menu_order":0,"comment_status":"closed","ping_status":"closed","template":"","meta":[],"acf":[],"_links":{"self":[{"href":"http:\/\/guyotvillois.com\/blog\/wp-json\/wp\/v2\/pages\/293"}],"collection":[{"href":"http:\/\/guyotvillois.com\/blog\/wp-json\/wp\/v2\/pages"}],"about":[{"href":"http:\/\/guyotvillois.com\/blog\/wp-json\/wp\/v2\/types\/page"}],"author":[{"embeddable":true,"href":"http:\/\/guyotvillois.com\/blog\/wp-json\/wp\/v2\/users\/4"}],"replies":[{"embeddable":true,"href":"http:\/\/guyotvillois.com\/blog\/wp-json\/wp\/v2\/comments?post=293"}],"version-history":[{"count":39,"href":"http:\/\/guyotvillois.com\/blog\/wp-json\/wp\/v2\/pages\/293\/revisions"}],"predecessor-version":[{"id":3147,"href":"http:\/\/guyotvillois.com\/blog\/wp-json\/wp\/v2\/pages\/293\/revisions\/3147"}],"up":[{"embeddable":true,"href":"http:\/\/guyotvillois.com\/blog\/wp-json\/wp\/v2\/pages\/233"}],"wp:attachment":[{"href":"http:\/\/guyotvillois.com\/blog\/wp-json\/wp\/v2\/media?parent=293"}],"curies":[{"name":"wp","href":"https:\/\/api.w.org\/{rel}","templated":true}]}}